{"id":2503,"date":"2024-07-10T09:39:53","date_gmt":"2024-07-10T08:39:53","guid":{"rendered":"http:\/\/www.fundacionrac.org\/rac\/?post_type=avada_portfolio&#038;p=2503"},"modified":"2026-02-06T12:46:28","modified_gmt":"2026-02-06T11:46:28","slug":"un-bosque-de-malas-hierbas","status":"publish","type":"avada_portfolio","link":"http:\/\/www.fundacionrac.org\/rac\/seccion\/un-bosque-de-malas-hierbas\/","title":{"rendered":"Un bosque de malas hierbas"},"content":{"rendered":"<div class=\"fusion-fullwidth fullwidth-box fusion-builder-row-1 fusion-flex-container nonhundred-percent-fullwidth non-hundred-percent-height-scrolling\" style=\"background-color: rgba(255,255,255,0);background-position: center center;background-repeat: no-repeat;border-width: 0px 0px 0px 0px;border-color:#e2e2e2;border-style:solid;\" ><div class=\"fusion-builder-row fusion-row fusion-flex-align-items-flex-start\" style=\"max-width:1442px;margin-left: calc(-3% \/ 2 );margin-right: calc(-3% \/ 2 );\"><div class=\"fusion-layout-column fusion_builder_column fusion-builder-column-0 fusion_builder_column_1_2 1_2 fusion-flex-column\"><div class=\"fusion-column-wrapper fusion-flex-justify-content-flex-start fusion-content-layout-column\" style=\"background-position:left top;background-repeat:no-repeat;-webkit-background-size:cover;-moz-background-size:cover;-o-background-size:cover;background-size:cover;padding: 0px 0px 0px 0px;\"><style type=\"text\/css\">.fusion-gallery-1 .fusion-gallery-image {border:0px solid #e2e2e2;}<\/style><div class=\"fusion-gallery fusion-gallery-container fusion-grid-1 fusion-columns-total-15 fusion-gallery-layout-grid fusion-gallery-1\" style=\"margin:-5px;\"><div style=\"padding:5px;\" class=\"fusion-grid-column fusion-gallery-column fusion-gallery-column-1 hover-type-none\"><div class=\"fusion-gallery-image\"><img decoding=\"async\" src=\"http:\/\/www.fundacionrac.org\/rac\/wp-content\/uploads\/DSC00602-scaled.jpg\" width=\"2560\" height=\"1707\" alt=\"\" title=\"DSC00602\" aria-label=\"DSC00602\" class=\"img-responsive wp-image-2516\" srcset=\"http:\/\/www.fundacionrac.org\/rac\/wp-content\/uploads\/DSC00602-200x133.jpg 200w, http:\/\/www.fundacionrac.org\/rac\/wp-content\/uploads\/DSC00602-400x267.jpg 400w, http:\/\/www.fundacionrac.org\/rac\/wp-content\/uploads\/DSC00602-600x400.jpg 600w, http:\/\/www.fundacionrac.org\/rac\/wp-content\/uploads\/DSC00602-800x533.jpg 800w, http:\/\/www.fundacionrac.org\/rac\/wp-content\/uploads\/DSC00602-1200x800.jpg 1200w, http:\/\/www.fundacionrac.org\/rac\/wp-content\/uploads\/DSC00602-scaled.jpg 2560w\" sizes=\"(min-width: 2200px) 100vw, (min-width: 640px) 1400px, \" \/><\/div><\/div><div class=\"clearfix\"><\/div><div style=\"padding:5px;\" class=\"fusion-grid-column fusion-gallery-column fusion-gallery-column-1 hover-type-none\"><div class=\"fusion-gallery-image\"><img decoding=\"async\" src=\"http:\/\/www.fundacionrac.org\/rac\/wp-content\/uploads\/DSC00604-scaled.jpg\" width=\"2560\" height=\"1707\" alt=\"\" title=\"DSC00604\" aria-label=\"DSC00604\" class=\"img-responsive wp-image-2517\" srcset=\"http:\/\/www.fundacionrac.org\/rac\/wp-content\/uploads\/DSC00604-200x133.jpg 200w, http:\/\/www.fundacionrac.org\/rac\/wp-content\/uploads\/DSC00604-400x267.jpg 400w, http:\/\/www.fundacionrac.org\/rac\/wp-content\/uploads\/DSC00604-600x400.jpg 600w, http:\/\/www.fundacionrac.org\/rac\/wp-content\/uploads\/DSC00604-800x533.jpg 800w, http:\/\/www.fundacionrac.org\/rac\/wp-content\/uploads\/DSC00604-1200x800.jpg 1200w, http:\/\/www.fundacionrac.org\/rac\/wp-content\/uploads\/DSC00604-scaled.jpg 2560w\" sizes=\"(min-width: 2200px) 100vw, (min-width: 640px) 1400px, \" \/><\/div><\/div><div class=\"clearfix\"><\/div><div style=\"padding:5px;\" class=\"fusion-grid-column fusion-gallery-column fusion-gallery-column-1 hover-type-none\"><div class=\"fusion-gallery-image\"><img decoding=\"async\" src=\"http:\/\/www.fundacionrac.org\/rac\/wp-content\/uploads\/DSC00617-scaled.jpg\" width=\"2560\" height=\"1707\" alt=\"\" title=\"DSC00617\" aria-label=\"DSC00617\" class=\"img-responsive wp-image-2518\" srcset=\"http:\/\/www.fundacionrac.org\/rac\/wp-content\/uploads\/DSC00617-200x133.jpg 200w, http:\/\/www.fundacionrac.org\/rac\/wp-content\/uploads\/DSC00617-400x267.jpg 400w, http:\/\/www.fundacionrac.org\/rac\/wp-content\/uploads\/DSC00617-600x400.jpg 600w, http:\/\/www.fundacionrac.org\/rac\/wp-content\/uploads\/DSC00617-800x533.jpg 800w, http:\/\/www.fundacionrac.org\/rac\/wp-content\/uploads\/DSC00617-1200x800.jpg 1200w, http:\/\/www.fundacionrac.org\/rac\/wp-content\/uploads\/DSC00617-scaled.jpg 2560w\" sizes=\"(min-width: 2200px) 100vw, (min-width: 640px) 1400px, \" \/><\/div><\/div><div class=\"clearfix\"><\/div><div style=\"padding:5px;\" class=\"fusion-grid-column fusion-gallery-column fusion-gallery-column-1 hover-type-none\"><div class=\"fusion-gallery-image\"><img decoding=\"async\" src=\"http:\/\/www.fundacionrac.org\/rac\/wp-content\/uploads\/DSC00672-scaled.jpg\" width=\"2560\" height=\"1707\" alt=\"\" title=\"DSC00672\" aria-label=\"DSC00672\" class=\"img-responsive wp-image-2525\" srcset=\"http:\/\/www.fundacionrac.org\/rac\/wp-content\/uploads\/DSC00672-200x133.jpg 200w, http:\/\/www.fundacionrac.org\/rac\/wp-content\/uploads\/DSC00672-400x267.jpg 400w, http:\/\/www.fundacionrac.org\/rac\/wp-content\/uploads\/DSC00672-600x400.jpg 600w, http:\/\/www.fundacionrac.org\/rac\/wp-content\/uploads\/DSC00672-800x533.jpg 800w, http:\/\/www.fundacionrac.org\/rac\/wp-content\/uploads\/DSC00672-1200x800.jpg 1200w, http:\/\/www.fundacionrac.org\/rac\/wp-content\/uploads\/DSC00672-scaled.jpg 2560w\" sizes=\"(min-width: 2200px) 100vw, (min-width: 640px) 1400px, \" \/><\/div><\/div><div class=\"clearfix\"><\/div><div style=\"padding:5px;\" class=\"fusion-grid-column fusion-gallery-column fusion-gallery-column-1 hover-type-none\"><div class=\"fusion-gallery-image\"><img decoding=\"async\" src=\"http:\/\/www.fundacionrac.org\/rac\/wp-content\/uploads\/DSC00651-scaled.jpg\" width=\"2560\" height=\"1707\" alt=\"\" title=\"DSC00651\" aria-label=\"DSC00651\" class=\"img-responsive wp-image-2520\" srcset=\"http:\/\/www.fundacionrac.org\/rac\/wp-content\/uploads\/DSC00651-200x133.jpg 200w, http:\/\/www.fundacionrac.org\/rac\/wp-content\/uploads\/DSC00651-400x267.jpg 400w, http:\/\/www.fundacionrac.org\/rac\/wp-content\/uploads\/DSC00651-600x400.jpg 600w, http:\/\/www.fundacionrac.org\/rac\/wp-content\/uploads\/DSC00651-800x533.jpg 800w, http:\/\/www.fundacionrac.org\/rac\/wp-content\/uploads\/DSC00651-1200x800.jpg 1200w, http:\/\/www.fundacionrac.org\/rac\/wp-content\/uploads\/DSC00651-scaled.jpg 2560w\" sizes=\"(min-width: 2200px) 100vw, (min-width: 640px) 1400px, \" \/><\/div><\/div><div class=\"clearfix\"><\/div><div style=\"padding:5px;\" class=\"fusion-grid-column fusion-gallery-column fusion-gallery-column-1 hover-type-none\"><div class=\"fusion-gallery-image\"><img decoding=\"async\" src=\"http:\/\/www.fundacionrac.org\/rac\/wp-content\/uploads\/DSC00649-scaled.jpg\" width=\"2560\" height=\"1707\" alt=\"\" title=\"DSC00649\" aria-label=\"DSC00649\" class=\"img-responsive wp-image-2519\" srcset=\"http:\/\/www.fundacionrac.org\/rac\/wp-content\/uploads\/DSC00649-200x133.jpg 200w, http:\/\/www.fundacionrac.org\/rac\/wp-content\/uploads\/DSC00649-400x267.jpg 400w, http:\/\/www.fundacionrac.org\/rac\/wp-content\/uploads\/DSC00649-600x400.jpg 600w, http:\/\/www.fundacionrac.org\/rac\/wp-content\/uploads\/DSC00649-800x533.jpg 800w, http:\/\/www.fundacionrac.org\/rac\/wp-content\/uploads\/DSC00649-1200x800.jpg 1200w, http:\/\/www.fundacionrac.org\/rac\/wp-content\/uploads\/DSC00649-scaled.jpg 2560w\" sizes=\"(min-width: 2200px) 100vw, (min-width: 640px) 1400px, \" \/><\/div><\/div><div class=\"clearfix\"><\/div><div style=\"padding:5px;\" class=\"fusion-grid-column fusion-gallery-column fusion-gallery-column-1 hover-type-none\"><div class=\"fusion-gallery-image\"><img decoding=\"async\" src=\"http:\/\/www.fundacionrac.org\/rac\/wp-content\/uploads\/DSC00607-scaled.jpg\" width=\"2560\" height=\"1707\" alt=\"\" title=\"DSC00607\" aria-label=\"DSC00607\" class=\"img-responsive wp-image-2521\" srcset=\"http:\/\/www.fundacionrac.org\/rac\/wp-content\/uploads\/DSC00607-200x133.jpg 200w, http:\/\/www.fundacionrac.org\/rac\/wp-content\/uploads\/DSC00607-400x267.jpg 400w, http:\/\/www.fundacionrac.org\/rac\/wp-content\/uploads\/DSC00607-600x400.jpg 600w, http:\/\/www.fundacionrac.org\/rac\/wp-content\/uploads\/DSC00607-800x533.jpg 800w, http:\/\/www.fundacionrac.org\/rac\/wp-content\/uploads\/DSC00607-1200x800.jpg 1200w, http:\/\/www.fundacionrac.org\/rac\/wp-content\/uploads\/DSC00607-scaled.jpg 2560w\" sizes=\"(min-width: 2200px) 100vw, (min-width: 640px) 1400px, \" \/><\/div><\/div><div class=\"clearfix\"><\/div><div style=\"padding:5px;\" class=\"fusion-grid-column fusion-gallery-column fusion-gallery-column-1 hover-type-none\"><div class=\"fusion-gallery-image\"><img decoding=\"async\" src=\"http:\/\/www.fundacionrac.org\/rac\/wp-content\/uploads\/DSC00614-scaled.jpg\" width=\"2560\" height=\"1707\" alt=\"\" title=\"DSC00614\" aria-label=\"DSC00614\" class=\"img-responsive wp-image-2522\" srcset=\"http:\/\/www.fundacionrac.org\/rac\/wp-content\/uploads\/DSC00614-200x133.jpg 200w, http:\/\/www.fundacionrac.org\/rac\/wp-content\/uploads\/DSC00614-400x267.jpg 400w, http:\/\/www.fundacionrac.org\/rac\/wp-content\/uploads\/DSC00614-600x400.jpg 600w, http:\/\/www.fundacionrac.org\/rac\/wp-content\/uploads\/DSC00614-800x533.jpg 800w, http:\/\/www.fundacionrac.org\/rac\/wp-content\/uploads\/DSC00614-1200x800.jpg 1200w, http:\/\/www.fundacionrac.org\/rac\/wp-content\/uploads\/DSC00614-scaled.jpg 2560w\" sizes=\"(min-width: 2200px) 100vw, (min-width: 640px) 1400px, \" \/><\/div><\/div><div class=\"clearfix\"><\/div><div style=\"padding:5px;\" class=\"fusion-grid-column fusion-gallery-column fusion-gallery-column-1 hover-type-none\"><div class=\"fusion-gallery-image\"><img decoding=\"async\" src=\"http:\/\/www.fundacionrac.org\/rac\/wp-content\/uploads\/DSC00626-scaled.jpg\" width=\"2560\" height=\"1707\" alt=\"\" title=\"DSC00626\" aria-label=\"DSC00626\" class=\"img-responsive wp-image-2523\" srcset=\"http:\/\/www.fundacionrac.org\/rac\/wp-content\/uploads\/DSC00626-200x133.jpg 200w, http:\/\/www.fundacionrac.org\/rac\/wp-content\/uploads\/DSC00626-400x267.jpg 400w, http:\/\/www.fundacionrac.org\/rac\/wp-content\/uploads\/DSC00626-600x400.jpg 600w, http:\/\/www.fundacionrac.org\/rac\/wp-content\/uploads\/DSC00626-800x533.jpg 800w, http:\/\/www.fundacionrac.org\/rac\/wp-content\/uploads\/DSC00626-1200x800.jpg 1200w, http:\/\/www.fundacionrac.org\/rac\/wp-content\/uploads\/DSC00626-scaled.jpg 2560w\" sizes=\"(min-width: 2200px) 100vw, (min-width: 640px) 1400px, \" \/><\/div><\/div><div class=\"clearfix\"><\/div><div style=\"padding:5px;\" class=\"fusion-grid-column fusion-gallery-column fusion-gallery-column-1 hover-type-none\"><div class=\"fusion-gallery-image\"><img decoding=\"async\" src=\"http:\/\/www.fundacionrac.org\/rac\/wp-content\/uploads\/DSC00618-scaled.jpg\" width=\"2560\" height=\"1707\" alt=\"\" title=\"DSC00618\" aria-label=\"DSC00618\" class=\"img-responsive wp-image-2524\" srcset=\"http:\/\/www.fundacionrac.org\/rac\/wp-content\/uploads\/DSC00618-200x133.jpg 200w, http:\/\/www.fundacionrac.org\/rac\/wp-content\/uploads\/DSC00618-400x267.jpg 400w, http:\/\/www.fundacionrac.org\/rac\/wp-content\/uploads\/DSC00618-600x400.jpg 600w, http:\/\/www.fundacionrac.org\/rac\/wp-content\/uploads\/DSC00618-800x533.jpg 800w, http:\/\/www.fundacionrac.org\/rac\/wp-content\/uploads\/DSC00618-1200x800.jpg 1200w, http:\/\/www.fundacionrac.org\/rac\/wp-content\/uploads\/DSC00618-scaled.jpg 2560w\" sizes=\"(min-width: 2200px) 100vw, (min-width: 640px) 1400px, \" \/><\/div><\/div><div class=\"clearfix\"><\/div><div style=\"padding:5px;\" class=\"fusion-grid-column fusion-gallery-column fusion-gallery-column-1 hover-type-none\"><div class=\"fusion-gallery-image\"><img decoding=\"async\" src=\"http:\/\/www.fundacionrac.org\/rac\/wp-content\/uploads\/DSC00748-scaled.jpg\" width=\"2560\" height=\"1707\" alt=\"\" title=\"DSC00748\" aria-label=\"DSC00748\" class=\"img-responsive wp-image-2526\" srcset=\"http:\/\/www.fundacionrac.org\/rac\/wp-content\/uploads\/DSC00748-200x133.jpg 200w, http:\/\/www.fundacionrac.org\/rac\/wp-content\/uploads\/DSC00748-400x267.jpg 400w, http:\/\/www.fundacionrac.org\/rac\/wp-content\/uploads\/DSC00748-600x400.jpg 600w, http:\/\/www.fundacionrac.org\/rac\/wp-content\/uploads\/DSC00748-800x533.jpg 800w, http:\/\/www.fundacionrac.org\/rac\/wp-content\/uploads\/DSC00748-1200x800.jpg 1200w, http:\/\/www.fundacionrac.org\/rac\/wp-content\/uploads\/DSC00748-scaled.jpg 2560w\" sizes=\"(min-width: 2200px) 100vw, (min-width: 640px) 1400px, \" \/><\/div><\/div><div class=\"clearfix\"><\/div><div style=\"padding:5px;\" class=\"fusion-grid-column fusion-gallery-column fusion-gallery-column-1 hover-type-none\"><div class=\"fusion-gallery-image\"><img decoding=\"async\" src=\"http:\/\/www.fundacionrac.org\/rac\/wp-content\/uploads\/DSC00712-scaled.jpg\" width=\"2560\" height=\"1707\" alt=\"\" title=\"DSC00712\" aria-label=\"DSC00712\" class=\"img-responsive wp-image-2527\" srcset=\"http:\/\/www.fundacionrac.org\/rac\/wp-content\/uploads\/DSC00712-200x133.jpg 200w, http:\/\/www.fundacionrac.org\/rac\/wp-content\/uploads\/DSC00712-400x267.jpg 400w, http:\/\/www.fundacionrac.org\/rac\/wp-content\/uploads\/DSC00712-600x400.jpg 600w, http:\/\/www.fundacionrac.org\/rac\/wp-content\/uploads\/DSC00712-800x533.jpg 800w, http:\/\/www.fundacionrac.org\/rac\/wp-content\/uploads\/DSC00712-1200x800.jpg 1200w, http:\/\/www.fundacionrac.org\/rac\/wp-content\/uploads\/DSC00712-scaled.jpg 2560w\" sizes=\"(min-width: 2200px) 100vw, (min-width: 640px) 1400px, \" \/><\/div><\/div><div class=\"clearfix\"><\/div><div style=\"padding:5px;\" class=\"fusion-grid-column fusion-gallery-column fusion-gallery-column-1 hover-type-none\"><div class=\"fusion-gallery-image\"><img decoding=\"async\" src=\"http:\/\/www.fundacionrac.org\/rac\/wp-content\/uploads\/DSC00720-scaled.jpg\" width=\"2560\" height=\"1707\" alt=\"\" title=\"DSC00720\" aria-label=\"DSC00720\" class=\"img-responsive wp-image-2528\" srcset=\"http:\/\/www.fundacionrac.org\/rac\/wp-content\/uploads\/DSC00720-200x133.jpg 200w, http:\/\/www.fundacionrac.org\/rac\/wp-content\/uploads\/DSC00720-400x267.jpg 400w, http:\/\/www.fundacionrac.org\/rac\/wp-content\/uploads\/DSC00720-600x400.jpg 600w, http:\/\/www.fundacionrac.org\/rac\/wp-content\/uploads\/DSC00720-800x533.jpg 800w, http:\/\/www.fundacionrac.org\/rac\/wp-content\/uploads\/DSC00720-1200x800.jpg 1200w, http:\/\/www.fundacionrac.org\/rac\/wp-content\/uploads\/DSC00720-scaled.jpg 2560w\" sizes=\"(min-width: 2200px) 100vw, (min-width: 640px) 1400px, \" \/><\/div><\/div><div class=\"clearfix\"><\/div><div style=\"padding:5px;\" class=\"fusion-grid-column fusion-gallery-column fusion-gallery-column-1 hover-type-none\"><div class=\"fusion-gallery-image\"><img decoding=\"async\" src=\"http:\/\/www.fundacionrac.org\/rac\/wp-content\/uploads\/DSC00623-scaled.jpg\" width=\"2560\" height=\"1707\" alt=\"\" title=\"DSC00623\" aria-label=\"DSC00623\" class=\"img-responsive wp-image-2529\" srcset=\"http:\/\/www.fundacionrac.org\/rac\/wp-content\/uploads\/DSC00623-200x133.jpg 200w, http:\/\/www.fundacionrac.org\/rac\/wp-content\/uploads\/DSC00623-400x267.jpg 400w, http:\/\/www.fundacionrac.org\/rac\/wp-content\/uploads\/DSC00623-600x400.jpg 600w, http:\/\/www.fundacionrac.org\/rac\/wp-content\/uploads\/DSC00623-800x533.jpg 800w, http:\/\/www.fundacionrac.org\/rac\/wp-content\/uploads\/DSC00623-1200x800.jpg 1200w, http:\/\/www.fundacionrac.org\/rac\/wp-content\/uploads\/DSC00623-scaled.jpg 2560w\" sizes=\"(min-width: 2200px) 100vw, (min-width: 640px) 1400px, \" \/><\/div><\/div><div class=\"clearfix\"><\/div><div style=\"padding:5px;\" class=\"fusion-grid-column fusion-gallery-column fusion-gallery-column-1 hover-type-none\"><div class=\"fusion-gallery-image\"><img decoding=\"async\" src=\"http:\/\/www.fundacionrac.org\/rac\/wp-content\/uploads\/DSC00772-scaled.jpg\" width=\"1707\" height=\"2560\" alt=\"\" title=\"DSC00772\" aria-label=\"DSC00772\" class=\"img-responsive wp-image-2530\" srcset=\"http:\/\/www.fundacionrac.org\/rac\/wp-content\/uploads\/DSC00772-200x300.jpg 200w, http:\/\/www.fundacionrac.org\/rac\/wp-content\/uploads\/DSC00772-400x600.jpg 400w, http:\/\/www.fundacionrac.org\/rac\/wp-content\/uploads\/DSC00772-600x900.jpg 600w, http:\/\/www.fundacionrac.org\/rac\/wp-content\/uploads\/DSC00772-800x1200.jpg 800w, http:\/\/www.fundacionrac.org\/rac\/wp-content\/uploads\/DSC00772-1200x1800.jpg 1200w, http:\/\/www.fundacionrac.org\/rac\/wp-content\/uploads\/DSC00772-scaled.jpg 1707w\" sizes=\"(min-width: 2200px) 100vw, (min-width: 640px) 1400px, \" \/><\/div><\/div><div class=\"clearfix\"><\/div><\/div><\/div><\/div><style type=\"text\/css\">.fusion-body .fusion-builder-column-0{width:50% !important;margin-top : 0px;margin-bottom : 20px;}.fusion-builder-column-0 > .fusion-column-wrapper {padding-top : 0px !important;padding-right : 0px !important;margin-right : 2.91%;padding-bottom : 0px !important;padding-left : 0px !important;margin-left : 2.91%;}@media only screen and (max-width:1024px) {.fusion-body .fusion-builder-column-0{width:50% !important;order : 0;}.fusion-builder-column-0 > .fusion-column-wrapper {margin-right : 2.91%;margin-left : 2.91%;}}@media only screen and (max-width:640px) {.fusion-body .fusion-builder-column-0{width:100% !important;order : 0;}.fusion-builder-column-0 > .fusion-column-wrapper {margin-right : 1.455%;margin-left : 1.455%;}}<\/style><div class=\"fusion-layout-column fusion_builder_column fusion-builder-column-1 fusion_builder_column_1_2 1_2 fusion-flex-column fusion-flex-align-self-flex-start\"><div class=\"fusion-column-wrapper fusion-flex-justify-content-flex-start fusion-content-layout-column\" style=\"background-position:left top;background-repeat:no-repeat;-webkit-background-size:cover;-moz-background-size:cover;-o-background-size:cover;background-size:cover;border-width: 0 0 0 1px;border-color:#76b82d;border-style:solid;padding: 0px 0px 0px 30px;\"><div class=\"fusion-text fusion-text-1\" style=\"transform:translate3d(0,0,0);\"><h4>2024<\/h4>\n<p>12 a 20 de julio<\/p>\n<h2>Ant\u00eda Iglesias<br \/>\n<i>Un bosque de malas hierbas<\/i><\/h2>\n<p>Comisariado: Anne Heyvaert<br \/>\nHorario de visita: De lunes a s\u00e1bado de 18:00h a 21:00h.<br \/>\nOtro horario previa cita.<\/p>\n<p><span style=\"font-weight: 400;\">La exposici\u00f3n \u201cUn bosque de malas hierbas\u201d es fruto de una cooperaci\u00f3n entre la Fundaci\u00f3n Rac (Ros\u00f3n Arte Contempor\u00e1neo) y la Universidade<\/span><span style=\"font-weight: 400;\"><br \/>\n<\/span><span style=\"font-weight: 400;\">de Vigo, con el fin de presentar los resultados materiales y art\u00edsticos de la investigaci\u00f3n de la artista Ant\u00eda Iglesias dentro del programa de Doctorado en Creatividad e Innovaci\u00f3n Social y Sostenibilidad, l\u00edneas \u201cInnovaci\u00f3n y sostenibilidad de los recursos naturales\u201d y Dise\u00f1o e innovaci\u00f3n social\u201d, igualmente se enmarca en la l\u00ednea del grupo de investigaci\u00f3n dx5: \u201cGr\u00e1fica de campo expandido. El m\u00faltiple que ocupa el espacio\u201d. Esta muestra completa la defensa de su tesis con t\u00edtulo \u201cEcosistemas gr\u00e1ficos. Una investigaci\u00f3n cient\u00edfico-art\u00edstica sobre el devenir del residuo vegetal de especies ex\u00f3ticas [invasoras]\u201d, dirigida por las profesoras Anne Heyvaert (Facultad de Bellas Artes) y \u00c1ngeles Cancela (Escuela de Ingenier\u00eda Forestal).<\/span><\/p>\n<p><span style=\"font-weight: 400;\">Las obras presentadas pretenden visualizar y potenciar esa colaboraci\u00f3n entre el arte y la ciencia, abordando, desde la hibridaci\u00f3n de ambos lenguajes y metodolog\u00edas, la cuesti\u00f3n del residuo vegetal de especies ex\u00f3ticas, algunas de las cuales son invasoras. Busca ofrecer una<\/span><span style=\"font-weight: 400;\"><br \/>\n<\/span><span style=\"font-weight: 400;\">mirada transdisciplinar de una problem\u00e1tica ecol\u00f3gica compleja que afecta directamente a nuestros ecosistemas. La investigaci\u00f3n se centr\u00f3 en cuatro especies ex\u00f3ticas localizadas en la zona del bosque de ribera del r\u00edo Umia, Ribadumia, Espa\u00f1a, cuya presencia en este ecosistema afecta a la flora aut\u00f3ctona y local. Se trata de la especie arb\u00f3rea Eucalyptus globulus y las plantas herb\u00e1ceas catalogadas como invasoras: Arundo donax, Phytolacca americana y Tradescantia fluminensis.<\/span><\/p>\n<p><span style=\"font-weight: 400;\">Uno de los objetivos principales del proyecto era el aprovechamiento del residuo org\u00e1nico de las especies seleccionadas para desarrollar materiales susceptibles de ser utilizados en la pr\u00e1ctica art\u00edstica, y especialmente en el arte gr\u00e1fico, como pueden ser el papel y la tinta. La materia prima vegetal seleccionada se demostr\u00f3 id\u00f3nea para ello, obteniendo variedad de soportes est\u00e9tica y t\u00e9cnicamente interesantes que fueron utilizados en obras con distintas formalizaciones; los pigmentos extra\u00eddos fueron testeados para la elaboraci\u00f3n de tintas grasas ensayadas en la estampaci\u00f3n gr\u00e1fica.<\/span><\/p>\n<p><span style=\"font-weight: 400;\">Por otra parte, los propios procesos de investigaci\u00f3n experimental de desarrollo material en laboratorio fueron observados desde su dimensi\u00f3n creativa y est\u00e9tica y motivaron una serie de instalaciones art\u00edsticas. La procesualidad cient\u00edfica se fusiona con los procesos gr\u00e1ficos<\/span><span style=\"font-weight: 400;\"><br \/>\n<\/span><span style=\"font-weight: 400;\">de campo expandido, ocupando el espacio de los 2 pisos de la sala de la Fundaci\u00f3n Rac, expandi\u00e9ndose de la pared al suelo, desde formalizaciones m\u00e1s tradicionales de puro grabado o dibujo, hasta procesos digitales e instalaciones multidisciplinarias. Asimismo, se recogen detalles visuales, gr\u00e1ficos y fotogr\u00e1ficos de los resultados, materiales obtenidos, obras art\u00edsticas e im\u00e1genes de los procesos, en un libro de artista\/cat\u00e1logo que completa el despliegue expositivo, editado por la propia Fundaci\u00f3n RAC.<\/span><\/p>\n<p><span style=\"font-weight: 400;\">En su conjunto la propuesta ofrece de manera experiencial un acercamiento al contenido de la investigaci\u00f3n. Jugando entre literalidad, abstracci\u00f3n y construcci\u00f3n, presenta otra perspectiva de la naturaleza, nuestra relaci\u00f3n con ella y los retos a los que nos enfrentamos.<\/span><\/p>\n<\/div><div class=\"fusion-separator\" style=\"align-self: flex-start;margin-right:auto;margin-bottom:20px;width:100%;max-width:10%;\"><div class=\"fusion-separator-border sep-single\" style=\"border-color:#76b82d;border-top-width:5px;\"><\/div><\/div><div class=\"fusion-separator fusion-full-width-sep\" style=\"align-self: center;margin-left: auto;margin-right: auto;margin-top:10px;margin-bottom:10px;width:100%;\"><div class=\"fusion-separator-border sep-single\" style=\"border-color:#76b82d;border-top-width:0px;\"><\/div><\/div><\/div><\/div><style type=\"text\/css\">.fusion-body .fusion-builder-column-1{width:50% !important;margin-top : 0px;margin-bottom : 20px;}.fusion-builder-column-1 > .fusion-column-wrapper {padding-top : 0px !important;padding-right : 0px !important;margin-right : 2.91%;padding-bottom : 0px !important;padding-left : 30px !important;margin-left : 2.91%;}@media only screen and (max-width:1024px) {.fusion-body .fusion-builder-column-1{width:50% !important;order : 0;}.fusion-builder-column-1 > .fusion-column-wrapper {margin-right : 2.91%;margin-left : 2.91%;}}@media only screen and (max-width:640px) {.fusion-body .fusion-builder-column-1{width:100% !important;order : 0;}.fusion-builder-column-1 > .fusion-column-wrapper {margin-right : 1.455%;margin-left : 1.455%;}}<\/style><\/div><style type=\"text\/css\">.fusion-body .fusion-flex-container.fusion-builder-row-1{ padding-top : 0px;margin-top : 0px;padding-right : 0px;padding-bottom : 0px;margin-bottom : 0px;padding-left : 0px;}<\/style><\/div>\n","protected":false},"excerpt":{"rendered":"<p>2024<\/p>\n","protected":false},"author":3,"featured_media":2515,"menu_order":-7,"comment_status":"closed","ping_status":"closed","template":"","format":"standard","meta":{"footnotes":""},"portfolio_category":[65,14,16],"portfolio_skills":[],"portfolio_tags":[],"class_list":["post-2503","avada_portfolio","type-avada_portfolio","status-publish","format-standard","has-post-thumbnail","hentry","portfolio_category-2024-pasadas","portfolio_category-exposiciones","portfolio_category-pasadas"],"_links":{"self":[{"href":"http:\/\/www.fundacionrac.org\/rac\/wp-json\/wp\/v2\/avada_portfolio\/2503","targetHints":{"allow":["GET"]}}],"collection":[{"href":"http:\/\/www.fundacionrac.org\/rac\/wp-json\/wp\/v2\/avada_portfolio"}],"about":[{"href":"http:\/\/www.fundacionrac.org\/rac\/wp-json\/wp\/v2\/types\/avada_portfolio"}],"author":[{"embeddable":true,"href":"http:\/\/www.fundacionrac.org\/rac\/wp-json\/wp\/v2\/users\/3"}],"replies":[{"embeddable":true,"href":"http:\/\/www.fundacionrac.org\/rac\/wp-json\/wp\/v2\/comments?post=2503"}],"version-history":[{"count":11,"href":"http:\/\/www.fundacionrac.org\/rac\/wp-json\/wp\/v2\/avada_portfolio\/2503\/revisions"}],"predecessor-version":[{"id":2580,"href":"http:\/\/www.fundacionrac.org\/rac\/wp-json\/wp\/v2\/avada_portfolio\/2503\/revisions\/2580"}],"wp:featuredmedia":[{"embeddable":true,"href":"http:\/\/www.fundacionrac.org\/rac\/wp-json\/wp\/v2\/media\/2515"}],"wp:attachment":[{"href":"http:\/\/www.fundacionrac.org\/rac\/wp-json\/wp\/v2\/media?parent=2503"}],"wp:term":[{"taxonomy":"portfolio_category","embeddable":true,"href":"http:\/\/www.fundacionrac.org\/rac\/wp-json\/wp\/v2\/portfolio_category?post=2503"},{"taxonomy":"portfolio_skills","embeddable":true,"href":"http:\/\/www.fundacionrac.org\/rac\/wp-json\/wp\/v2\/portfolio_skills?post=2503"},{"taxonomy":"portfolio_tags","embeddable":true,"href":"http:\/\/www.fundacionrac.org\/rac\/wp-json\/wp\/v2\/portfolio_tags?post=2503"}],"curies":[{"name":"wp","href":"https:\/\/api.w.org\/{rel}","templated":true}]}}