{"id":712,"date":"2021-03-06T14:26:25","date_gmt":"2021-03-06T13:26:25","guid":{"rendered":"http:\/\/www.fundacionrac.org\/rac\/?post_type=avada_portfolio&#038;p=712"},"modified":"2021-03-16T11:05:58","modified_gmt":"2021-03-16T10:05:58","slug":"sofia-taboas-piedra-principio-2","status":"publish","type":"avada_portfolio","link":"http:\/\/www.fundacionrac.org\/rac\/seccion\/sofia-taboas-piedra-principio-2\/","title":{"rendered":"Sof\u00eda T\u00e1boas. Piedra principio"},"content":{"rendered":"<div class=\"fusion-fullwidth fullwidth-box fusion-builder-row-1 fusion-flex-container nonhundred-percent-fullwidth non-hundred-percent-height-scrolling\" style=\"background-color: rgba(255,255,255,0);background-position: center center;background-repeat: no-repeat;border-width: 0px 0px 0px 0px;border-color:#e2e2e2;border-style:solid;\" ><div class=\"fusion-builder-row fusion-row fusion-flex-align-items-flex-start\" style=\"max-width:1442px;margin-left: calc(-3% \/ 2 );margin-right: calc(-3% \/ 2 );\"><div class=\"fusion-layout-column fusion_builder_column fusion-builder-column-0 fusion_builder_column_1_2 1_2 fusion-flex-column\"><div class=\"fusion-column-wrapper fusion-flex-justify-content-flex-start fusion-content-layout-column\" style=\"background-position:left top;background-repeat:no-repeat;-webkit-background-size:cover;-moz-background-size:cover;-o-background-size:cover;background-size:cover;padding: 0px 0px 0px 0px;\"><style type=\"text\/css\">.fusion-gallery-1 .fusion-gallery-image {border:0px solid #e2e2e2;}<\/style><div class=\"fusion-gallery fusion-gallery-container fusion-grid-1 fusion-columns-total-8 fusion-gallery-layout-grid fusion-gallery-1\" style=\"margin:-5px;\"><div style=\"padding:5px;\" class=\"fusion-grid-column fusion-gallery-column fusion-gallery-column-1 hover-type-none\"><div class=\"fusion-gallery-image\"><img decoding=\"async\" src=\"http:\/\/www.fundacionrac.org\/rac\/wp-content\/uploads\/Sofia_Taboas_01.jpg\" width=\"1200\" height=\"795\" alt=\"\" title=\"Sofia_Taboas_01\" aria-label=\"Sofia_Taboas_01\" class=\"img-responsive wp-image-714\" srcset=\"http:\/\/www.fundacionrac.org\/rac\/wp-content\/uploads\/Sofia_Taboas_01-200x133.jpg 200w, http:\/\/www.fundacionrac.org\/rac\/wp-content\/uploads\/Sofia_Taboas_01-400x265.jpg 400w, http:\/\/www.fundacionrac.org\/rac\/wp-content\/uploads\/Sofia_Taboas_01-600x398.jpg 600w, http:\/\/www.fundacionrac.org\/rac\/wp-content\/uploads\/Sofia_Taboas_01-800x530.jpg 800w, http:\/\/www.fundacionrac.org\/rac\/wp-content\/uploads\/Sofia_Taboas_01.jpg 1200w\" sizes=\"(min-width: 2200px) 100vw, (min-width: 640px) 1400px, \" \/><\/div><\/div><div class=\"clearfix\"><\/div><div style=\"padding:5px;\" class=\"fusion-grid-column fusion-gallery-column fusion-gallery-column-1 hover-type-none\"><div class=\"fusion-gallery-image\"><img decoding=\"async\" src=\"http:\/\/www.fundacionrac.org\/rac\/wp-content\/uploads\/Sofia_Taboas_02.jpg\" width=\"1200\" height=\"833\" alt=\"\" title=\"Sofia_Taboas_02\" aria-label=\"Sofia_Taboas_02\" class=\"img-responsive wp-image-715\" srcset=\"http:\/\/www.fundacionrac.org\/rac\/wp-content\/uploads\/Sofia_Taboas_02-200x139.jpg 200w, http:\/\/www.fundacionrac.org\/rac\/wp-content\/uploads\/Sofia_Taboas_02-400x278.jpg 400w, http:\/\/www.fundacionrac.org\/rac\/wp-content\/uploads\/Sofia_Taboas_02-600x417.jpg 600w, http:\/\/www.fundacionrac.org\/rac\/wp-content\/uploads\/Sofia_Taboas_02-800x555.jpg 800w, http:\/\/www.fundacionrac.org\/rac\/wp-content\/uploads\/Sofia_Taboas_02.jpg 1200w\" sizes=\"(min-width: 2200px) 100vw, (min-width: 640px) 1400px, \" \/><\/div><\/div><div class=\"clearfix\"><\/div><div style=\"padding:5px;\" class=\"fusion-grid-column fusion-gallery-column fusion-gallery-column-1 hover-type-none\"><div class=\"fusion-gallery-image\"><img decoding=\"async\" src=\"http:\/\/www.fundacionrac.org\/rac\/wp-content\/uploads\/Sofia_Taboas_03.jpg\" width=\"1200\" height=\"800\" alt=\"\" title=\"Sofia_Taboas_03\" aria-label=\"Sofia_Taboas_03\" class=\"img-responsive wp-image-716\" srcset=\"http:\/\/www.fundacionrac.org\/rac\/wp-content\/uploads\/Sofia_Taboas_03-200x133.jpg 200w, http:\/\/www.fundacionrac.org\/rac\/wp-content\/uploads\/Sofia_Taboas_03-400x267.jpg 400w, http:\/\/www.fundacionrac.org\/rac\/wp-content\/uploads\/Sofia_Taboas_03-600x400.jpg 600w, http:\/\/www.fundacionrac.org\/rac\/wp-content\/uploads\/Sofia_Taboas_03-800x533.jpg 800w, http:\/\/www.fundacionrac.org\/rac\/wp-content\/uploads\/Sofia_Taboas_03.jpg 1200w\" sizes=\"(min-width: 2200px) 100vw, (min-width: 640px) 1400px, \" \/><\/div><\/div><div class=\"clearfix\"><\/div><div style=\"padding:5px;\" class=\"fusion-grid-column fusion-gallery-column fusion-gallery-column-1 hover-type-none\"><div class=\"fusion-gallery-image\"><img decoding=\"async\" src=\"http:\/\/www.fundacionrac.org\/rac\/wp-content\/uploads\/Sofia_Taboas_04.jpg\" width=\"1200\" height=\"800\" alt=\"\" title=\"Sofia_Taboas_04\" aria-label=\"Sofia_Taboas_04\" class=\"img-responsive wp-image-717\" srcset=\"http:\/\/www.fundacionrac.org\/rac\/wp-content\/uploads\/Sofia_Taboas_04-200x133.jpg 200w, http:\/\/www.fundacionrac.org\/rac\/wp-content\/uploads\/Sofia_Taboas_04-400x267.jpg 400w, http:\/\/www.fundacionrac.org\/rac\/wp-content\/uploads\/Sofia_Taboas_04-600x400.jpg 600w, http:\/\/www.fundacionrac.org\/rac\/wp-content\/uploads\/Sofia_Taboas_04-800x533.jpg 800w, http:\/\/www.fundacionrac.org\/rac\/wp-content\/uploads\/Sofia_Taboas_04.jpg 1200w\" sizes=\"(min-width: 2200px) 100vw, (min-width: 640px) 1400px, \" \/><\/div><\/div><div class=\"clearfix\"><\/div><div style=\"padding:5px;\" class=\"fusion-grid-column fusion-gallery-column fusion-gallery-column-1 hover-type-none\"><div class=\"fusion-gallery-image\"><img decoding=\"async\" src=\"http:\/\/www.fundacionrac.org\/rac\/wp-content\/uploads\/Sofia_Taboas_05.jpg\" width=\"1200\" height=\"800\" alt=\"\" title=\"Sofia_Taboas_05\" aria-label=\"Sofia_Taboas_05\" class=\"img-responsive wp-image-718\" srcset=\"http:\/\/www.fundacionrac.org\/rac\/wp-content\/uploads\/Sofia_Taboas_05-200x133.jpg 200w, http:\/\/www.fundacionrac.org\/rac\/wp-content\/uploads\/Sofia_Taboas_05-400x267.jpg 400w, http:\/\/www.fundacionrac.org\/rac\/wp-content\/uploads\/Sofia_Taboas_05-600x400.jpg 600w, http:\/\/www.fundacionrac.org\/rac\/wp-content\/uploads\/Sofia_Taboas_05-800x533.jpg 800w, http:\/\/www.fundacionrac.org\/rac\/wp-content\/uploads\/Sofia_Taboas_05.jpg 1200w\" sizes=\"(min-width: 2200px) 100vw, (min-width: 640px) 1400px, \" \/><\/div><\/div><div class=\"clearfix\"><\/div><div style=\"padding:5px;\" class=\"fusion-grid-column fusion-gallery-column fusion-gallery-column-1 hover-type-none\"><div class=\"fusion-gallery-image\"><img decoding=\"async\" src=\"http:\/\/www.fundacionrac.org\/rac\/wp-content\/uploads\/Sofia_Taboas_06.jpg\" width=\"1200\" height=\"679\" alt=\"\" title=\"Sofia_Taboas_06\" aria-label=\"Sofia_Taboas_06\" class=\"img-responsive wp-image-719\" srcset=\"http:\/\/www.fundacionrac.org\/rac\/wp-content\/uploads\/Sofia_Taboas_06-200x113.jpg 200w, http:\/\/www.fundacionrac.org\/rac\/wp-content\/uploads\/Sofia_Taboas_06-400x226.jpg 400w, http:\/\/www.fundacionrac.org\/rac\/wp-content\/uploads\/Sofia_Taboas_06-600x340.jpg 600w, http:\/\/www.fundacionrac.org\/rac\/wp-content\/uploads\/Sofia_Taboas_06-800x453.jpg 800w, http:\/\/www.fundacionrac.org\/rac\/wp-content\/uploads\/Sofia_Taboas_06.jpg 1200w\" sizes=\"(min-width: 2200px) 100vw, (min-width: 640px) 1400px, \" \/><\/div><\/div><div class=\"clearfix\"><\/div><div style=\"padding:5px;\" class=\"fusion-grid-column fusion-gallery-column fusion-gallery-column-1 hover-type-none\"><div class=\"fusion-gallery-image\"><img decoding=\"async\" src=\"http:\/\/www.fundacionrac.org\/rac\/wp-content\/uploads\/Sofia_Taboas_07.jpg\" width=\"1200\" height=\"593\" alt=\"\" title=\"Sofia_Taboas_07\" aria-label=\"Sofia_Taboas_07\" class=\"img-responsive wp-image-720\" srcset=\"http:\/\/www.fundacionrac.org\/rac\/wp-content\/uploads\/Sofia_Taboas_07-200x99.jpg 200w, http:\/\/www.fundacionrac.org\/rac\/wp-content\/uploads\/Sofia_Taboas_07-400x198.jpg 400w, http:\/\/www.fundacionrac.org\/rac\/wp-content\/uploads\/Sofia_Taboas_07-600x297.jpg 600w, http:\/\/www.fundacionrac.org\/rac\/wp-content\/uploads\/Sofia_Taboas_07-800x395.jpg 800w, http:\/\/www.fundacionrac.org\/rac\/wp-content\/uploads\/Sofia_Taboas_07.jpg 1200w\" sizes=\"(min-width: 2200px) 100vw, (min-width: 640px) 1400px, \" \/><\/div><\/div><div class=\"clearfix\"><\/div><div style=\"padding:5px;\" class=\"fusion-grid-column fusion-gallery-column fusion-gallery-column-1 hover-type-none\"><div class=\"fusion-gallery-image\"><img decoding=\"async\" src=\"http:\/\/www.fundacionrac.org\/rac\/wp-content\/uploads\/Sofia_Taboas_08.jpg\" width=\"1200\" height=\"836\" alt=\"\" title=\"Sofia_Taboas_08\" aria-label=\"Sofia_Taboas_08\" class=\"img-responsive wp-image-721\" srcset=\"http:\/\/www.fundacionrac.org\/rac\/wp-content\/uploads\/Sofia_Taboas_08-200x139.jpg 200w, http:\/\/www.fundacionrac.org\/rac\/wp-content\/uploads\/Sofia_Taboas_08-400x279.jpg 400w, http:\/\/www.fundacionrac.org\/rac\/wp-content\/uploads\/Sofia_Taboas_08-600x418.jpg 600w, http:\/\/www.fundacionrac.org\/rac\/wp-content\/uploads\/Sofia_Taboas_08-800x557.jpg 800w, http:\/\/www.fundacionrac.org\/rac\/wp-content\/uploads\/Sofia_Taboas_08.jpg 1200w\" sizes=\"(min-width: 2200px) 100vw, (min-width: 640px) 1400px, \" \/><\/div><\/div><div class=\"clearfix\"><\/div><\/div><\/div><\/div><style type=\"text\/css\">.fusion-body .fusion-builder-column-0{width:50% !important;margin-top : 0px;margin-bottom : 20px;}.fusion-builder-column-0 > .fusion-column-wrapper {padding-top : 0px !important;padding-right : 0px !important;margin-right : 2.91%;padding-bottom : 0px !important;padding-left : 0px !important;margin-left : 2.91%;}@media only screen and (max-width:1024px) {.fusion-body .fusion-builder-column-0{width:50% !important;order : 0;}.fusion-builder-column-0 > .fusion-column-wrapper {margin-right : 2.91%;margin-left : 2.91%;}}@media only screen and (max-width:640px) {.fusion-body .fusion-builder-column-0{width:100% !important;order : 0;}.fusion-builder-column-0 > .fusion-column-wrapper {margin-right : 1.455%;margin-left : 1.455%;}}<\/style><div class=\"fusion-layout-column fusion_builder_column fusion-builder-column-1 fusion_builder_column_1_2 1_2 fusion-flex-column fusion-flex-align-self-flex-start\"><div class=\"fusion-column-wrapper fusion-flex-justify-content-flex-start fusion-content-layout-column\" style=\"background-position:left top;background-repeat:no-repeat;-webkit-background-size:cover;-moz-background-size:cover;-o-background-size:cover;background-size:cover;border-width: 0 0 0 1px;border-color:#76b82d;border-style:solid;padding: 0px 0px 0px 30px;\"><div class=\"fusion-text fusion-text-1\" style=\"transform:translate3d(0,0,0);\"><h4>2014<\/h4>\n<p>Del 22 de octubre de 2013 a 15 de febrero de 2014<\/p>\n<h2><em>Sof\u00eda T\u00e1boas. Piedra principio<\/em><\/h2>\n<p>Comisariado: Carlos Ros\u00f3n<\/p>\n<\/div><div class=\"fusion-separator\" style=\"align-self: flex-start;margin-right:auto;margin-bottom:20px;width:100%;max-width:10%;\"><div class=\"fusion-separator-border sep-single\" style=\"border-color:#76b82d;border-top-width:5px;\"><\/div><\/div><div class=\"fusion-text fusion-text-2\" style=\"transform:translate3d(0,0,0);\"><p>La artista mexicana Sof\u00eda T\u00e1boas presenta su primera exposici\u00f3n individual en Espa\u00f1a. Se trata de una exhibici\u00f3n inspirada en el paisaje y la industria contempor\u00e1nea de Galicia, la tierra natal de su padre.<\/p>\n<p>El recorrido de la ruta dos Bolos, es el principal detonante y configurador de la obra que comprende el proyecto. El proyecto consiste en 3 n\u00facleos:<\/p>\n<p>1. PIEDRA PRINCIPIO, 2013<br \/>\nInstalaci\u00f3n que ocupa la sala principal de la fundaci\u00f3n de manera plena, conformada por una serie de esculturas blancas, s\u00edntesis geom\u00e9tricas<br \/>\nde piedras bola, y retales de pieles de colores diversos.<\/p>\n<p>2. SERIE : PIEDRA HOMENAJE, 2013<br \/>\nSerie de 5 esculturas de peque\u00f1o formato, que a manera de bit\u00e1cora, conjuntan el recorrido de la ruta y distintos elementos pertinentes al<br \/>\nproyecto, como piedras que han sido recogidas en la caminata, otros distintos, encontrados durante la estad\u00eda en Galicia, que pueden ser<br \/>\nfracciones de objetos y el esta\u00f1o y wolframio encontrado en el subsuelo de Vila de Cruces, que refieren a las minas cercanas como parte tambi\u00e9n de este vasto paisaje que con sus diferencias juegan en paralelo con la dicotom\u00eda de permanencia y transitoriedad del proyecto.<\/p>\n<p>3. VIDEO 2013<br \/>\nEste video registra diversas im\u00e1genes que provienen de la f\u00e1brica de Purificaci\u00f3n Garc\u00eda, m\u00e1quinas y manos, detalles del paisaje de Ourense<br \/>\nen invierno, el recorrido de la ruta en verano, una lectura mas po\u00e9tica y menos documental ser\u00e1 la finalidad.<\/p>\n<\/div><div class=\"fusion-separator fusion-full-width-sep\" style=\"align-self: center;margin-left: auto;margin-right: auto;margin-top:10px;margin-bottom:10px;width:100%;\"><div class=\"fusion-separator-border sep-single\" style=\"border-color:#76b82d;border-top-width:0px;\"><\/div><\/div><div class=\"fusion-builder-row fusion-builder-row-inner fusion-row fusion-flex-align-items-flex-start\" style=\"width:103% !important;max-width:103% !important;margin-left: calc(-3% \/ 2 );margin-right: calc(-3% \/ 2 );\"><div class=\"fusion-layout-column fusion_builder_column_inner fusion-builder-nested-column-0 fusion_builder_column_inner_1_2 1_2 fusion-flex-column\"><div class=\"fusion-column-wrapper fusion-flex-justify-content-flex-start fusion-content-layout-column\" style=\"background-position:left top;background-repeat:no-repeat;-webkit-background-size:cover;-moz-background-size:cover;-o-background-size:cover;background-size:cover;padding: 0px 0px 0px 0px;\"><style type=\"text\/css\">@media only screen and (max-width:1024px) {.fusion-title.fusion-title-1{margin-top:15px!important;margin-bottom:10px!important;}}@media only screen and (max-width:640px) {.fusion-title.fusion-title-1{margin-top:10px!important;margin-bottom:10px!important;}}<\/style><div class=\"fusion-title title fusion-title-1 fusion-sep-none fusion-title-text fusion-title-size-four\" style=\"margin-top:15px;margin-bottom:10px;\"><h4 class=\"title-heading-left\" style=\"margin:0;\"><h4>PUBLICACI\u00d3N<\/h4><\/h4><\/div><div ><span class=\" fusion-imageframe imageframe-none imageframe-1 hover-type-none\"><a class=\"fusion-no-lightbox\" href=\"http:\/\/www.fundacionrac.org\/seccion\/sofia-taboas-piedra-principio\/\" target=\"_self\" aria-label=\"Sof\u00eda T\u00e1boas. Piedra Principio\"><img decoding=\"async\" width=\"354\" height=\"500\" alt=\"Sof\u00eda T\u00e1boas\" src=\"http:\/\/www.fundacionrac.org\/rac\/wp-content\/uploads\/Sofia_Taboas-354x500.jpg\" class=\"img-responsive wp-image-238\" srcset=\"http:\/\/www.fundacionrac.org\/rac\/wp-content\/uploads\/Sofia_Taboas-200x282.jpg 200w, http:\/\/www.fundacionrac.org\/rac\/wp-content\/uploads\/Sofia_Taboas-400x565.jpg 400w, http:\/\/www.fundacionrac.org\/rac\/wp-content\/uploads\/Sofia_Taboas-600x847.jpg 600w, http:\/\/www.fundacionrac.org\/rac\/wp-content\/uploads\/Sofia_Taboas-800x1129.jpg 800w, http:\/\/www.fundacionrac.org\/rac\/wp-content\/uploads\/Sofia_Taboas.jpg 1004w\" sizes=\"(max-width: 640px) 100vw, 800px\" \/><\/a><\/span><\/div><div class=\"fusion-separator\" style=\"align-self: flex-start;margin-right:auto;margin-top:10px;margin-bottom:10px;width:100%;max-width:15%;\"><div class=\"fusion-separator-border sep-single\" style=\"border-color:#76b82d;border-top-width:5px;\"><\/div><\/div><div class=\"fusion-text fusion-text-3\" style=\"transform:translate3d(0,0,0);\"><p><a href=\"\/?p=237\"><em>Sof\u00eda T\u00e1boas. Piedra Principio<\/em><\/a><\/p>\n<\/div><\/div><\/div><style type=\"text\/css\">.fusion-body .fusion-builder-nested-column-0{width:50% !important;margin-top : 0px;margin-bottom : 20px;}.fusion-builder-nested-column-0 > .fusion-column-wrapper {padding-top : 0px !important;padding-right : 0px !important;margin-right : 2.91%;padding-bottom : 0px !important;padding-left : 0px !important;margin-left : 2.91%;}@media only screen and (max-width:1024px) {.fusion-body .fusion-builder-nested-column-0{width:50% !important;order : 0;}.fusion-builder-nested-column-0 > .fusion-column-wrapper {margin-right : 2.91%;margin-left : 2.91%;}}@media only screen and (max-width:640px) {.fusion-body .fusion-builder-nested-column-0{width:100% !important;order : 0;}.fusion-builder-nested-column-0 > .fusion-column-wrapper {margin-right : 1.455%;margin-left : 1.455%;}}<\/style><\/div><\/div><\/div><style type=\"text\/css\">.fusion-body .fusion-builder-column-1{width:50% !important;margin-top : 0px;margin-bottom : 20px;}.fusion-builder-column-1 > .fusion-column-wrapper {padding-top : 0px !important;padding-right : 0px !important;margin-right : 2.91%;padding-bottom : 0px !important;padding-left : 30px !important;margin-left : 2.91%;}@media only screen and (max-width:1024px) {.fusion-body .fusion-builder-column-1{width:50% !important;order : 0;}.fusion-builder-column-1 > .fusion-column-wrapper {margin-right : 2.91%;margin-left : 2.91%;}}@media only screen and (max-width:640px) {.fusion-body .fusion-builder-column-1{width:100% !important;order : 0;}.fusion-builder-column-1 > .fusion-column-wrapper {margin-right : 1.455%;margin-left : 1.455%;}}<\/style><\/div><style type=\"text\/css\">.fusion-body .fusion-flex-container.fusion-builder-row-1{ padding-top : 0px;margin-top : 0px;padding-right : 0px;padding-bottom : 0px;margin-bottom : 0px;padding-left : 0px;}<\/style><\/div>\n","protected":false},"excerpt":{"rendered":"<p>2014<\/p>\n","protected":false},"author":2,"featured_media":713,"menu_order":25,"comment_status":"closed","ping_status":"closed","template":"","format":"standard","meta":{"footnotes":""},"portfolio_category":[26,14,16],"portfolio_skills":[],"portfolio_tags":[],"class_list":["post-712","avada_portfolio","type-avada_portfolio","status-publish","format-standard","has-post-thumbnail","hentry","portfolio_category-26","portfolio_category-exposiciones","portfolio_category-pasadas"],"_links":{"self":[{"href":"http:\/\/www.fundacionrac.org\/rac\/wp-json\/wp\/v2\/avada_portfolio\/712","targetHints":{"allow":["GET"]}}],"collection":[{"href":"http:\/\/www.fundacionrac.org\/rac\/wp-json\/wp\/v2\/avada_portfolio"}],"about":[{"href":"http:\/\/www.fundacionrac.org\/rac\/wp-json\/wp\/v2\/types\/avada_portfolio"}],"author":[{"embeddable":true,"href":"http:\/\/www.fundacionrac.org\/rac\/wp-json\/wp\/v2\/users\/2"}],"replies":[{"embeddable":true,"href":"http:\/\/www.fundacionrac.org\/rac\/wp-json\/wp\/v2\/comments?post=712"}],"version-history":[{"count":6,"href":"http:\/\/www.fundacionrac.org\/rac\/wp-json\/wp\/v2\/avada_portfolio\/712\/revisions"}],"predecessor-version":[{"id":1848,"href":"http:\/\/www.fundacionrac.org\/rac\/wp-json\/wp\/v2\/avada_portfolio\/712\/revisions\/1848"}],"wp:featuredmedia":[{"embeddable":true,"href":"http:\/\/www.fundacionrac.org\/rac\/wp-json\/wp\/v2\/media\/713"}],"wp:attachment":[{"href":"http:\/\/www.fundacionrac.org\/rac\/wp-json\/wp\/v2\/media?parent=712"}],"wp:term":[{"taxonomy":"portfolio_category","embeddable":true,"href":"http:\/\/www.fundacionrac.org\/rac\/wp-json\/wp\/v2\/portfolio_category?post=712"},{"taxonomy":"portfolio_skills","embeddable":true,"href":"http:\/\/www.fundacionrac.org\/rac\/wp-json\/wp\/v2\/portfolio_skills?post=712"},{"taxonomy":"portfolio_tags","embeddable":true,"href":"http:\/\/www.fundacionrac.org\/rac\/wp-json\/wp\/v2\/portfolio_tags?post=712"}],"curies":[{"name":"wp","href":"https:\/\/api.w.org\/{rel}","templated":true}]}}