{"id":34,"date":"2021-03-02T13:10:04","date_gmt":"2021-03-02T12:10:04","guid":{"rendered":"http:\/\/www.fundacionrac.org\/rac\/?page_id=34"},"modified":"2021-03-18T16:16:15","modified_gmt":"2021-03-18T15:16:15","slug":"premio-arte-y-mezenazgo-de-la-caixa-2018","status":"publish","type":"page","link":"http:\/\/www.fundacionrac.org\/rac\/premio-arte-y-mezenazgo-de-la-caixa-2018\/","title":{"rendered":"Premio arte y mezenazgo de \u201dLa Caixa\u201d 2018"},"content":{"rendered":"<p><div class=\"fusion-fullwidth fullwidth-box fusion-builder-row-1 fusion-flex-container nonhundred-percent-fullwidth non-hundred-percent-height-scrolling\" style=\"background-color: rgba(255,255,255,0);background-position: center center;background-repeat: no-repeat;border-width: 0px 0px 0px 0px;border-color:#e2e2e2;border-style:solid;\" ><div class=\"fusion-builder-row fusion-row fusion-flex-align-items-flex-start\" style=\"max-width:1456px;margin-left: calc(-4% \/ 2 );margin-right: calc(-4% \/ 2 );\"><div class=\"fusion-layout-column fusion_builder_column fusion-builder-column-0 fusion_builder_column_1_1 1_1 fusion-flex-column\"><div class=\"fusion-column-wrapper fusion-flex-justify-content-flex-start fusion-content-layout-column\" style=\"background-position:left top;background-repeat:no-repeat;-webkit-background-size:cover;-moz-background-size:cover;-o-background-size:cover;background-size:cover;padding: 0px 0px 0px 0px;\"><a class=\"fb-icon-element-1 fb-icon-element fontawesome-icon fa-angle-double-left fas circle-no fusion-text-flow fusion-link\" style=\"font-size:26px;margin-right:13px;\" href=\"http:\/\/www.fundacionrac.org\/rac\/la-fundacion\/\" aria-label=\"Link to http:\/\/www.fundacionrac.org\/rac\/la-fundacion\/\" target=\"_self\"><\/a><style>a.fb-icon-element.fontawesome-icon.fb-icon-element-1{ color: #170303;}a.fb-icon-element.fontawesome-icon.fb-icon-element-1:hover { color: #76b82d;}<\/style><\/div><\/div><style type=\"text\/css\">.fusion-body .fusion-builder-column-0{width:100% !important;margin-top : 0px;margin-bottom : 20px;}.fusion-builder-column-0 > .fusion-column-wrapper {padding-top : 0px !important;padding-right : 0px !important;margin-right : 1.92%;padding-bottom : 0px !important;padding-left : 0px !important;margin-left : 1.92%;}@media only screen and (max-width:1024px) {.fusion-body .fusion-builder-column-0{width:100% !important;order : 0;}.fusion-builder-column-0 > .fusion-column-wrapper {margin-right : 1.92%;margin-left : 1.92%;}}@media only screen and (max-width:640px) {.fusion-body .fusion-builder-column-0{width:100% !important;order : 0;}.fusion-builder-column-0 > .fusion-column-wrapper {margin-right : 1.92%;margin-left : 1.92%;}}<\/style><\/div><style type=\"text\/css\">.fusion-body .fusion-flex-container.fusion-builder-row-1{ padding-top : 0px;margin-top : 0px;padding-right : 0px;padding-bottom : 0px;margin-bottom : 0px;padding-left : 0px;}<\/style><\/div><div class=\"fusion-fullwidth fullwidth-box fusion-builder-row-2 fusion-flex-container nonhundred-percent-fullwidth non-hundred-percent-height-scrolling fusion-no-small-visibility fusion-no-medium-visibility\" style=\"background-color: rgba(255,255,255,0);background-position: center center;background-repeat: no-repeat;border-width: 0px 0px 0px 0px;border-color:#e2e2e2;border-style:solid;\" ><div class=\"fusion-builder-row fusion-row fusion-flex-align-items-flex-start\" style=\"max-width:1456px;margin-left: calc(-4% \/ 2 );margin-right: calc(-4% \/ 2 );\"><div class=\"fusion-layout-column fusion_builder_column fusion-builder-column-1 fusion_builder_column_2_3 2_3 fusion-flex-column\"><div class=\"fusion-column-wrapper fusion-flex-justify-content-flex-start fusion-content-layout-column\" style=\"background-position:left top;background-repeat:no-repeat;-webkit-background-size:cover;-moz-background-size:cover;-o-background-size:cover;background-size:cover;padding: 0px 0px 0px 0px;\"><div class=\"fusion-video fusion-selfhosted-video\" style=\"max-width:100%;\"><div class=\"video-wrapper\"><video playsinline=\"true\" width=\"100%\" style=\"object-fit: cover;\" autoplay=\"true\" muted=\"true\" loop=\"true\" preload=\"auto\" controls=\"1\"><source src=\"http:\/\/fundacionrac.org\/rac\/wp-content\/uploads\/lacaixa_x264.mp4\" type=\"video\/mp4\">Sorry, your browser doesn&#039;t support embedded videos.<\/video><\/div><\/div><\/div><\/div><style type=\"text\/css\">.fusion-body .fusion-builder-column-1{width:66.666666666667% !important;margin-top : 0px;margin-bottom : 20px;}.fusion-builder-column-1 > .fusion-column-wrapper {padding-top : 0px !important;padding-right : 0px !important;margin-right : 2.88%;padding-bottom : 0px !important;padding-left : 0px !important;margin-left : 2.88%;}@media only screen and (max-width:1024px) {.fusion-body .fusion-builder-column-1{width:66.666666666667% !important;order : 0;}.fusion-builder-column-1 > .fusion-column-wrapper {margin-right : 2.88%;margin-left : 2.88%;}}@media only screen and (max-width:640px) {.fusion-body .fusion-builder-column-1{width:100% !important;order : 0;}.fusion-builder-column-1 > .fusion-column-wrapper {margin-right : 1.92%;margin-left : 1.92%;}}<\/style><div class=\"fusion-layout-column fusion_builder_column fusion-builder-column-2 fusion_builder_column_1_3 1_3 fusion-flex-column\"><div class=\"fusion-column-wrapper fusion-flex-justify-content-flex-start fusion-content-layout-column\" style=\"background-position:left top;background-repeat:no-repeat;-webkit-background-size:cover;-moz-background-size:cover;-o-background-size:cover;background-size:cover;border-width: 0 0 0 1px;border-color:#76b82d;border-style:solid;padding: 0px 0px 0px 20px;\"><div class=\"fusion-separator\" style=\"align-self: flex-start;margin-right:auto;margin-bottom:20px;width:100%;max-width:30%;\"><div class=\"fusion-separator-border sep-single\" style=\"border-color:#76b82d;border-top-width:5px;\"><\/div><\/div><div class=\"fusion-text fusion-text-1\" style=\"transform:translate3d(0,0,0);\"><p>En 2018, el Premio Arte y Mecenazgo en la categor\u00eda \u00abMecenas\u00bb ha reca\u00eddo en la Fundaci\u00f3n Ros\u00f3n Arte Contempor\u00e1neo (RAC). Creada en 2007 por el arquitecto y coleccionista gallego Carlos Ros\u00f3n y su mujer Julieta Rojo, tiene como finalidad prestar apoyo al arte y la cultura mediante la realizaci\u00f3n de proyectos y actividades que incentiven la creaci\u00f3n art\u00edstica y su difusi\u00f3n, tanto en el contexto gallego como en el marco nacional e internacional. El jurado ha destacado el programa de la Fundaci\u00f3n RAC por su extraordinaria calidad y por su capacidad transformadora, al mismo tiempo que considera admirable su iniciativa, que asume la condici\u00f3n de gesta individual con vocaci\u00f3n de permanencia. El innovador planteamiento de la Fundaci\u00f3n RAC fomenta el di\u00e1logo entre los artistas y el tejido social del lugar donde se asienta, lo cual constituye tambi\u00e9n un ejemplo de complicidad y refuerzo del ecosistema local.<\/p>\n<\/div><div ><span class=\" fusion-imageframe imageframe-none imageframe-1 hover-type-none\"><img decoding=\"async\" width=\"2560\" height=\"1638\" title=\"PremioLaCaixa\" src=\"http:\/\/www.fundacionrac.org\/rac\/wp-content\/uploads\/PremioLaCaixa-scaled.jpg\" class=\"img-responsive wp-image-1898\" srcset=\"http:\/\/www.fundacionrac.org\/rac\/wp-content\/uploads\/PremioLaCaixa-200x128.jpg 200w, http:\/\/www.fundacionrac.org\/rac\/wp-content\/uploads\/PremioLaCaixa-400x256.jpg 400w, http:\/\/www.fundacionrac.org\/rac\/wp-content\/uploads\/PremioLaCaixa-600x384.jpg 600w, http:\/\/www.fundacionrac.org\/rac\/wp-content\/uploads\/PremioLaCaixa-800x512.jpg 800w, http:\/\/www.fundacionrac.org\/rac\/wp-content\/uploads\/PremioLaCaixa-1200x768.jpg 1200w, http:\/\/www.fundacionrac.org\/rac\/wp-content\/uploads\/PremioLaCaixa-scaled.jpg 2560w\" sizes=\"(max-width: 640px) 100vw, 600px\" \/><\/span><\/div><div class=\"fusion-text fusion-text-2\" style=\"transform:translate3d(0,0,0);\"><p><a href=\"http:\/\/fundacionrac.org\/rac\/wp-content\/uploads\/fallo_mecenas_2018.pdf\" target=\"_blank\" rel=\"noopener\">Fallo Premios arte y mecenazgo de \u00abla Caixa\u00bb, categor\u00eda mecenas<\/a><\/p>\n<\/div><\/div><\/div><style type=\"text\/css\">.fusion-body .fusion-builder-column-2{width:33.333333333333% !important;margin-top : 0px;margin-bottom : 20px;}.fusion-builder-column-2 > .fusion-column-wrapper {padding-top : 0px !important;padding-right : 0px !important;margin-right : 5.76%;padding-bottom : 0px !important;padding-left : 20px !important;margin-left : 5.76%;}@media only screen and (max-width:1024px) {.fusion-body .fusion-builder-column-2{width:33.333333333333% !important;order : 0;}.fusion-builder-column-2 > .fusion-column-wrapper {margin-right : 5.76%;margin-left : 5.76%;}}@media only screen and (max-width:640px) {.fusion-body .fusion-builder-column-2{width:100% !important;order : 0;}.fusion-builder-column-2 > .fusion-column-wrapper {margin-right : 1.92%;margin-left : 1.92%;}}<\/style><\/div><style type=\"text\/css\">.fusion-body .fusion-flex-container.fusion-builder-row-2{ padding-top : 0px;margin-top : 0px;padding-right : 0px;padding-bottom : 0px;margin-bottom : 0px;padding-left : 0px;}<\/style><\/div><div class=\"fusion-fullwidth fullwidth-box fusion-builder-row-3 fusion-flex-container nonhundred-percent-fullwidth non-hundred-percent-height-scrolling fusion-no-large-visibility\" style=\"background-color: rgba(255,255,255,0);background-position: center center;background-repeat: no-repeat;border-width: 0px 0px 0px 0px;border-color:#e2e2e2;border-style:solid;\" ><div class=\"fusion-builder-row fusion-row fusion-flex-align-items-flex-start\" style=\"max-width:1456px;margin-left: calc(-4% \/ 2 );margin-right: calc(-4% \/ 2 );\"><div class=\"fusion-layout-column fusion_builder_column fusion-builder-column-3 fusion_builder_column_2_3 2_3 fusion-flex-column\"><div class=\"fusion-column-wrapper fusion-flex-justify-content-flex-start fusion-content-layout-column\" style=\"background-position:left top;background-repeat:no-repeat;-webkit-background-size:cover;-moz-background-size:cover;-o-background-size:cover;background-size:cover;padding: 0px 0px 0px 0px;\"><div class=\"fusion-video fusion-selfhosted-video\" style=\"max-width:100%;\"><div class=\"video-wrapper\"><video playsinline=\"true\" width=\"100%\" style=\"object-fit: cover;\" autoplay=\"true\" muted=\"true\" loop=\"true\" preload=\"auto\" controls=\"1\"><source src=\"http:\/\/fundacionrac.org\/rac\/wp-content\/uploads\/lacaixa_x264.mp4\" type=\"video\/mp4\">Sorry, your browser doesn&#039;t support embedded videos.<\/video><\/div><\/div><div class=\"fusion-separator\" style=\"align-self: center;margin-left: auto;margin-right: auto;margin-top:15px;margin-bottom:15px;width:100%;max-width:15%;\"><div class=\"fusion-separator-border sep-single\" style=\"border-color:#76b82d;border-top-width:5px;\"><\/div><\/div><div ><span class=\" fusion-imageframe imageframe-none imageframe-2 hover-type-none\"><img decoding=\"async\" width=\"2560\" height=\"1638\" title=\"PremioLaCaixa\" src=\"http:\/\/www.fundacionrac.org\/rac\/wp-content\/uploads\/PremioLaCaixa-scaled.jpg\" class=\"img-responsive wp-image-1898\" srcset=\"http:\/\/www.fundacionrac.org\/rac\/wp-content\/uploads\/PremioLaCaixa-200x128.jpg 200w, http:\/\/www.fundacionrac.org\/rac\/wp-content\/uploads\/PremioLaCaixa-400x256.jpg 400w, http:\/\/www.fundacionrac.org\/rac\/wp-content\/uploads\/PremioLaCaixa-600x384.jpg 600w, http:\/\/www.fundacionrac.org\/rac\/wp-content\/uploads\/PremioLaCaixa-800x512.jpg 800w, http:\/\/www.fundacionrac.org\/rac\/wp-content\/uploads\/PremioLaCaixa-1200x768.jpg 1200w, http:\/\/www.fundacionrac.org\/rac\/wp-content\/uploads\/PremioLaCaixa-scaled.jpg 2560w\" sizes=\"(max-width: 640px) 100vw, 1200px\" \/><\/span><\/div><div class=\"fusion-text fusion-text-3 margen_sup\" style=\"transform:translate3d(0,0,0);\"><p><a href=\"http:\/\/fundacionrac.org\/rac\/wp-content\/uploads\/fallo_mecenas_2018.pdf\" target=\"_blank\" rel=\"noopener\">Fallo Premios arte y mecenazgo de \u00abla Caixa\u00bb, categor\u00eda mecenas<\/a><\/p>\n<\/div><\/div><\/div><style type=\"text\/css\">.fusion-body .fusion-builder-column-3{width:66.666666666667% !important;margin-top : 0px;margin-bottom : 20px;}.fusion-builder-column-3 > .fusion-column-wrapper {padding-top : 0px !important;padding-right : 0px !important;margin-right : 2.88%;padding-bottom : 0px !important;padding-left : 0px !important;margin-left : 2.88%;}@media only screen and (max-width:1024px) {.fusion-body .fusion-builder-column-3{width:66.666666666667% !important;order : 0;}.fusion-builder-column-3 > .fusion-column-wrapper {margin-right : 2.88%;margin-left : 2.88%;}}@media only screen and (max-width:640px) {.fusion-body .fusion-builder-column-3{width:100% !important;order : 0;}.fusion-builder-column-3 > .fusion-column-wrapper {margin-right : 1.92%;margin-left : 1.92%;}}<\/style><div class=\"fusion-layout-column fusion_builder_column fusion-builder-column-4 fusion_builder_column_1_3 1_3 fusion-flex-column\"><div class=\"fusion-column-wrapper fusion-flex-justify-content-flex-start fusion-content-layout-column\" style=\"background-position:left top;background-repeat:no-repeat;-webkit-background-size:cover;-moz-background-size:cover;-o-background-size:cover;background-size:cover;border-width: 0 0 0 1px;border-color:#76b82d;border-style:solid;padding: 0px 0px 0px 20px;\"><div class=\"fusion-separator\" style=\"align-self: flex-start;margin-right:auto;margin-bottom:20px;width:100%;max-width:30%;\"><div class=\"fusion-separator-border sep-single\" style=\"border-color:#76b82d;border-top-width:5px;\"><\/div><\/div><div class=\"fusion-text fusion-text-4\" style=\"transform:translate3d(0,0,0);\"><p>En 2018, el Premio Arte y Mecenazgo en la categor\u00eda \u00abMecenas\u00bb ha reca\u00eddo en la Fundaci\u00f3n Ros\u00f3n Arte Contempor\u00e1neo (RAC). Creada en 2007 por el arquitecto y coleccionista gallego Carlos Ros\u00f3n y su mujer Julieta Rojo, tiene como finalidad prestar apoyo al arte y la cultura mediante la realizaci\u00f3n de proyectos y actividades que incentiven la creaci\u00f3n art\u00edstica y su difusi\u00f3n, tanto en el contexto gallego como en el marco nacional e internacional. El jurado ha destacado el programa de la Fundaci\u00f3n RAC por su extraordinaria calidad y por su capacidad transformadora, al mismo tiempo que considera admirable su iniciativa, que asume la condici\u00f3n de gesta individual con vocaci\u00f3n de permanencia. El innovador planteamiento de la Fundaci\u00f3n RAC fomenta el di\u00e1logo entre los artistas y el tejido social del lugar donde se asienta, lo cual constituye tambi\u00e9n un ejemplo de complicidad y refuerzo del ecosistema local.<\/p>\n<\/div><\/div><\/div><style type=\"text\/css\">.fusion-body .fusion-builder-column-4{width:33.333333333333% !important;margin-top : 0px;margin-bottom : 20px;}.fusion-builder-column-4 > .fusion-column-wrapper {padding-top : 0px !important;padding-right : 0px !important;margin-right : 5.76%;padding-bottom : 0px !important;padding-left : 20px !important;margin-left : 5.76%;}@media only screen and (max-width:1024px) {.fusion-body .fusion-builder-column-4{width:33.333333333333% !important;order : 0;}.fusion-builder-column-4 > .fusion-column-wrapper {margin-right : 5.76%;margin-left : 5.76%;}}@media only screen and (max-width:640px) {.fusion-body .fusion-builder-column-4{width:100% !important;order : 0;}.fusion-builder-column-4 > .fusion-column-wrapper {margin-right : 1.92%;margin-left : 1.92%;}}<\/style><\/div><style type=\"text\/css\">.fusion-body .fusion-flex-container.fusion-builder-row-3{ padding-top : 0px;margin-top : 0px;padding-right : 0px;padding-bottom : 0px;margin-bottom : 0px;padding-left : 0px;}<\/style><\/div><\/p>\n","protected":false},"excerpt":{"rendered":"","protected":false},"author":1,"featured_media":0,"parent":0,"menu_order":0,"comment_status":"closed","ping_status":"closed","template":"","meta":{"footnotes":""},"class_list":["post-34","page","type-page","status-publish","hentry"],"_links":{"self":[{"href":"http:\/\/www.fundacionrac.org\/rac\/wp-json\/wp\/v2\/pages\/34","targetHints":{"allow":["GET"]}}],"collection":[{"href":"http:\/\/www.fundacionrac.org\/rac\/wp-json\/wp\/v2\/pages"}],"about":[{"href":"http:\/\/www.fundacionrac.org\/rac\/wp-json\/wp\/v2\/types\/page"}],"author":[{"embeddable":true,"href":"http:\/\/www.fundacionrac.org\/rac\/wp-json\/wp\/v2\/users\/1"}],"replies":[{"embeddable":true,"href":"http:\/\/www.fundacionrac.org\/rac\/wp-json\/wp\/v2\/comments?post=34"}],"version-history":[{"count":22,"href":"http:\/\/www.fundacionrac.org\/rac\/wp-json\/wp\/v2\/pages\/34\/revisions"}],"predecessor-version":[{"id":1901,"href":"http:\/\/www.fundacionrac.org\/rac\/wp-json\/wp\/v2\/pages\/34\/revisions\/1901"}],"wp:attachment":[{"href":"http:\/\/www.fundacionrac.org\/rac\/wp-json\/wp\/v2\/media?parent=34"}],"curies":[{"name":"wp","href":"https:\/\/api.w.org\/{rel}","templated":true}]}}